{"version":"1.0","provider_name":"Espada Gerlach","provider_url":"https:\/\/www.espadagerlach.com\/ca\/","title":"Convocat\u00f2ria ajudes COVID19 a Catalunya - Espada Gerlach","type":"rich","width":600,"height":338,"html":"<blockquote class=\"wp-embedded-content\" data-secret=\"fPEennsZmd\"><a href=\"https:\/\/www.espadagerlach.com\/ca\/convocatoria-ajudes-covid19-a-catalunya\/\">Convocat\u00f2ria ajudes COVID19 a Catalunya<\/a><\/blockquote><iframe sandbox=\"allow-scripts\" security=\"restricted\" src=\"https:\/\/www.espadagerlach.com\/ca\/convocatoria-ajudes-covid19-a-catalunya\/embed\/#?secret=fPEennsZmd\" width=\"600\" height=\"338\" title=\"&#8220;Convocat\u00f2ria ajudes COVID19 a Catalunya&#8221; &#8212; Espada Gerlach\" data-secret=\"fPEennsZmd\" frameborder=\"0\" marginwidth=\"0\" marginheight=\"0\" scrolling=\"no\" class=\"wp-embedded-content\"><\/iframe><script>\n\/*! This file is auto-generated *\/\n!function(d,l){\"use strict\";l.querySelector&&d.addEventListener&&\"undefined\"!=typeof URL&&(d.wp=d.wp||{},d.wp.receiveEmbedMessage||(d.wp.receiveEmbedMessage=function(e){var t=e.data;if((t||t.secret||t.message||t.value)&&!\/[^a-zA-Z0-9]\/.test(t.secret)){for(var s,r,n,a=l.querySelectorAll('iframe[data-secret=\"'+t.secret+'\"]'),o=l.querySelectorAll('blockquote[data-secret=\"'+t.secret+'\"]'),c=new RegExp(\"^https?:$\",\"i\"),i=0;i<o.length;i++)o[i].style.display=\"none\";for(i=0;i<a.length;i++)s=a[i],e.source===s.contentWindow&&(s.removeAttribute(\"style\"),\"height\"===t.message?(1e3<(r=parseInt(t.value,10))?r=1e3:~~r<200&&(r=200),s.height=r):\"link\"===t.message&&(r=new URL(s.getAttribute(\"src\")),n=new URL(t.value),c.test(n.protocol))&&n.host===r.host&&l.activeElement===s&&(d.top.location.href=t.value))}},d.addEventListener(\"message\",d.wp.receiveEmbedMessage,!1),l.addEventListener(\"DOMContentLoaded\",function(){for(var e,t,s=l.querySelectorAll(\"iframe.wp-embedded-content\"),r=0;r<s.length;r++)(t=(e=s[r]).getAttribute(\"data-secret\"))||(t=Math.random().toString(36).substring(2,12),e.src+=\"#?secret=\"+t,e.setAttribute(\"data-secret\",t)),e.contentWindow.postMessage({message:\"ready\",secret:t},\"*\")},!1)))}(window,document);\n\/\/# sourceURL=https:\/\/www.espadagerlach.com\/wp-includes\/js\/wp-embed.min.js\n<\/script>\n","description":"A continuaci\u00f3 es presenta un document realitzat per Liz\u00e1n Advocats (despatx col\u00b7laborador en Dret Fiscal) amb relaci\u00f3 a la convocat\u00f2ria d&#8217;ajudes treballadors\/es aut\u00f2noms, persona f\u00edsica, per a la compensaci\u00f3 de p\u00e8rdues econ\u00f2miques a conseq\u00fc\u00e8ncia de la Covid-19 Catalunya &#8211; resum RSL TSF \/ 806\/2020 (DOGC 2020.04.03). Obrir document PDF."}